{"id":2432,"date":"2025-04-04T11:14:04","date_gmt":"2025-04-04T09:14:04","guid":{"rendered":"https:\/\/s-el.de\/?page_id=2432"},"modified":"2025-04-04T11:24:43","modified_gmt":"2025-04-04T09:24:43","slug":"pflegefachkraft-m-w-d","status":"publish","type":"page","link":"https:\/\/s-el.de\/?page_id=2432","title":{"rendered":"Pflegefachkraft (m\/w\/d)"},"content":{"rendered":"\t\t<div data-elementor-type=\"wp-page\" data-elementor-id=\"2432\" class=\"elementor elementor-2432\">\n\t\t\t\t<div class=\"elementor-element elementor-element-41a05ff e-con-full e-flex e-con e-parent\" data-id=\"41a05ff\" data-element_type=\"container\" data-e-type=\"container\">\n\t\t<div class=\"elementor-element elementor-element-3726aa1 e-flex e-con-boxed e-con e-child\" data-id=\"3726aa1\" data-element_type=\"container\" data-e-type=\"container\" data-settings=\"{&quot;background_background&quot;:&quot;classic&quot;}\">\n\t\t\t\t\t<div class=\"e-con-inner\">\n\t\t\t\t\t<\/div>\n\t\t\t\t<\/div>\n\t\t\t\t<\/div>\n\t\t<div class=\"elementor-element elementor-element-f0fc226 e-flex e-con-boxed e-con e-parent\" data-id=\"f0fc226\" data-element_type=\"container\" data-e-type=\"container\">\n\t\t\t\t\t<div class=\"e-con-inner\">\n\t\t\t\t<div class=\"elementor-element elementor-element-4e4f726 elementor-widget elementor-widget-spacer\" data-id=\"4e4f726\" data-element_type=\"widget\" data-e-type=\"widget\" data-widget_type=\"spacer.default\">\n\t\t\t\t<div class=\"elementor-widget-container\">\n\t\t\t\t\t\t\t<div class=\"elementor-spacer\">\n\t\t\t<div class=\"elementor-spacer-inner\"><\/div>\n\t\t<\/div>\n\t\t\t\t\t\t<\/div>\n\t\t\t\t<\/div>\n\t\t\t\t\t<\/div>\n\t\t\t\t<\/div>\n\t\t<div class=\"elementor-element elementor-element-daf514e e-flex e-con-boxed e-con e-parent\" data-id=\"daf514e\" data-element_type=\"container\" data-e-type=\"container\">\n\t\t\t\t\t<div class=\"e-con-inner\">\n\t\t\t\t<div class=\"elementor-element elementor-element-70a466c elementor-widget elementor-widget-heading\" data-id=\"70a466c\" data-element_type=\"widget\" data-e-type=\"widget\" data-widget_type=\"heading.default\">\n\t\t\t\t<div class=\"elementor-widget-container\">\n\t\t\t\t\t<h2 class=\"elementor-heading-title elementor-size-default\">Pflegefachkraft (m\/w\/d)<\/h2>\t\t\t\t<\/div>\n\t\t\t\t<\/div>\n\t\t\t\t<div class=\"elementor-element elementor-element-f2687fd elementor-widget elementor-widget-text-editor\" data-id=\"f2687fd\" data-element_type=\"widget\" data-e-type=\"widget\" data-widget_type=\"text-editor.default\">\n\t\t\t\t<div class=\"elementor-widget-container\">\n\t\t\t\t\t\t\t\t\t<p>Einen Ort zum Wohlf\u00fchlen bieten wir als Seniorenheim ELIM in Bonn sowohl unseren Heimbewohnern, als auch unseren Mitarbeitern.<\/p><p>Wir suchen ab sofort eine examinierte\/n Altenpfleger\/in, examinierte\/r Gesundheits- und Krankenpfleger\/in bzw. Pflegefachfrau oder-mann in Voll- oder Teilzeit.<\/p><p>\u00a0<\/p><p><strong>Ihre Aufgaben:<\/strong><\/p><ul><li>Sicherstellung einer ad\u00e4quaten Versorgung unserer Bewohner<\/li><li>Durchf\u00fchrung der Grund- und Behandlungspflege<\/li><li>Enger Kontakt zu Angeh\u00f6rigen und \u00c4rzten<\/li><li>Pflegedokumentation und -planung<\/li><li>Verantwortung der Medikamentenausgabe<\/li><\/ul><p><strong>Das bringen Sie mit:<\/strong><\/p><ul><li>Abgeschlossene Berufsausbildung als examinierte\/r Altenpfleger\/in, examinierte\/r Gesundheits- und Krankenpfleger\/in bzw. Pflegefachfrau\/ -mann<\/li><li>Respektvoller Umgang mit pflegebed\u00fcrftigen, alten Menschen<\/li><li>Team- Organisations- und Kooperationsf\u00e4higkeit<\/li><\/ul><p><strong>Das bieten wir Ihnen:<\/strong><\/p><ul><li>Eine attraktive Bezahlung angelehnt an den \u00f6ffentlichen Dienst<\/li><li>Zuschl\u00e4ge f\u00fcr Sonn- u. Feiertage, N\u00e4chte<\/li><li>Weihnachtsgeld<\/li><li>Die M\u00f6glichkeit zum Erwerb eines verg\u00fcnstigten Deutschlandtickets<\/li><li>Eine engagierte und freundliche Arbeitsatmosph\u00e4re<\/li><\/ul><p>Bitte verschicken Sie Ihre vollst\u00e4ndigen Bewerbungsunterlagen per E-Mail oder per Post an:<\/p><ul><li>jobs@s-el.de<\/li><li>Seniorenheim ELIM Bonn, R\u00f6merstr. 41, 53111 Bonn<\/li><\/ul><p>Wir freuen uns auf Ihre Bewerbung!<\/p>\t\t\t\t\t\t\t\t<\/div>\n\t\t\t\t<\/div>\n\t\t\t\t\t<\/div>\n\t\t\t\t<\/div>\n\t\t<div class=\"elementor-element elementor-element-d46a79c e-flex e-con-boxed e-con e-parent\" data-id=\"d46a79c\" data-element_type=\"container\" data-e-type=\"container\">\n\t\t\t\t\t<div class=\"e-con-inner\">\n\t\t\t\t<div class=\"elementor-element elementor-element-6820d86 elementor-widget elementor-widget-button\" data-id=\"6820d86\" data-element_type=\"widget\" data-e-type=\"widget\" data-widget_type=\"button.default\">\n\t\t\t\t<div class=\"elementor-widget-container\">\n\t\t\t\t\t\t\t\t\t<div class=\"elementor-button-wrapper\">\n\t\t\t\t\t<a class=\"elementor-button elementor-button-link elementor-size-sm\" href=\"mailto:jobs@s-el.de\">\n\t\t\t\t\t\t<span class=\"elementor-button-content-wrapper\">\n\t\t\t\t\t\t\t\t\t<span class=\"elementor-button-text\">Jetzt bewerben<\/span>\n\t\t\t\t\t<\/span>\n\t\t\t\t\t<\/a>\n\t\t\t\t<\/div>\n\t\t\t\t\t\t\t\t<\/div>\n\t\t\t\t<\/div>\n\t\t\t\t\t<\/div>\n\t\t\t\t<\/div>\n\t\t<div class=\"elementor-element elementor-element-0c6f8db e-flex e-con-boxed e-con e-parent\" data-id=\"0c6f8db\" data-element_type=\"container\" data-e-type=\"container\">\n\t\t\t\t\t<div class=\"e-con-inner\">\n\t\t\t\t<div class=\"elementor-element elementor-element-61ec4e6 elementor-widget elementor-widget-spacer\" data-id=\"61ec4e6\" data-element_type=\"widget\" data-e-type=\"widget\" data-widget_type=\"spacer.default\">\n\t\t\t\t<div class=\"elementor-widget-container\">\n\t\t\t\t\t\t\t<div class=\"elementor-spacer\">\n\t\t\t<div class=\"elementor-spacer-inner\"><\/div>\n\t\t<\/div>\n\t\t\t\t\t\t<\/div>\n\t\t\t\t<\/div>\n\t\t\t\t\t<\/div>\n\t\t\t\t<\/div>\n\t\t\t\t<\/div>\n\t\t","protected":false},"excerpt":{"rendered":"<p>Pflegefachkraft (m\/w\/d) Einen Ort zum Wohlf\u00fchlen bieten wir als Seniorenheim ELIM in Bonn sowohl unseren Heimbewohnern, als auch unseren Mitarbeitern. Wir suchen ab sofort eine examinierte\/n Altenpfleger\/in, examinierte\/r Gesundheits- und Krankenpfleger\/in bzw. Pflegefachfrau oder-mann in Voll- oder Teilzeit. \u00a0 Ihre Aufgaben: Sicherstellung einer ad\u00e4quaten Versorgung unserer Bewohner Durchf\u00fchrung der Grund- und Behandlungspflege Enger Kontakt zu [&hellip;]<\/p>\n","protected":false},"author":1,"featured_media":0,"parent":0,"menu_order":0,"comment_status":"closed","ping_status":"closed","template":"","meta":{"_uag_custom_page_level_css":"","site-sidebar-layout":"no-sidebar","site-content-layout":"page-builder","ast-site-content-layout":"full-width-container","site-content-style":"default","site-sidebar-style":"default","ast-global-header-display":"","ast-banner-title-visibility":"","ast-main-header-display":"","ast-hfb-above-header-display":"","ast-hfb-below-header-display":"","ast-hfb-mobile-header-display":"","site-post-title":"disabled","ast-breadcrumbs-content":"","ast-featured-img":"disabled","footer-sml-layout":"","ast-disable-related-posts":"","theme-transparent-header-meta":"","adv-header-id-meta":"","stick-header-meta":"","header-above-stick-meta":"","header-main-stick-meta":"","header-below-stick-meta":"","astra-migrate-meta-layouts":"set","ast-page-background-enabled":"default","ast-page-background-meta":{"desktop":{"background-color":"var(--ast-global-color-4)","background-image":"","background-repeat":"repeat","background-position":"center center","background-size":"auto","background-attachment":"scroll","background-type":"","background-media":"","overlay-type":"","overlay-color":"","overlay-opacity":"","overlay-gradient":""},"tablet":{"background-color":"","background-image":"","background-repeat":"repeat","background-position":"center center","background-size":"auto","background-attachment":"scroll","background-type":"","background-media":"","overlay-type":"","overlay-color":"","overlay-opacity":"","overlay-gradient":""},"mobile":{"background-color":"","background-image":"","background-repeat":"repeat","background-position":"center center","background-size":"auto","background-attachment":"scroll","background-type":"","background-media":"","overlay-type":"","overlay-color":"","overlay-opacity":"","overlay-gradient":""}},"ast-content-background-meta":{"desktop":{"background-color":"var(--ast-global-color-5)","background-image":"","background-repeat":"repeat","background-position":"center center","background-size":"auto","background-attachment":"scroll","background-type":"","background-media":"","overlay-type":"","overlay-color":"","overlay-opacity":"","overlay-gradient":""},"tablet":{"background-color":"var(--ast-global-color-5)","background-image":"","background-repeat":"repeat","background-position":"center center","background-size":"auto","background-attachment":"scroll","background-type":"","background-media":"","overlay-type":"","overlay-color":"","overlay-opacity":"","overlay-gradient":""},"mobile":{"background-color":"var(--ast-global-color-5)","background-image":"","background-repeat":"repeat","background-position":"center center","background-size":"auto","background-attachment":"scroll","background-type":"","background-media":"","overlay-type":"","overlay-color":"","overlay-opacity":"","overlay-gradient":""}},"footnotes":""},"class_list":["post-2432","page","type-page","status-publish","hentry"],"uagb_featured_image_src":{"full":false,"thumbnail":false,"medium":false,"medium_large":false,"large":false,"1536x1536":false,"2048x2048":false},"uagb_author_info":{"display_name":"admin","author_link":"https:\/\/s-el.de\/?author=1"},"uagb_comment_info":0,"uagb_excerpt":"Pflegefachkraft (m\/w\/d) Einen Ort zum Wohlf\u00fchlen bieten wir als Seniorenheim ELIM in Bonn sowohl unseren Heimbewohnern, als auch unseren Mitarbeitern. Wir suchen ab sofort eine examinierte\/n Altenpfleger\/in, examinierte\/r Gesundheits- und Krankenpfleger\/in bzw. Pflegefachfrau oder-mann in Voll- oder Teilzeit. \u00a0 Ihre Aufgaben: Sicherstellung einer ad\u00e4quaten Versorgung unserer Bewohner Durchf\u00fchrung der Grund- und Behandlungspflege Enger Kontakt zu&hellip;","_links":{"self":[{"href":"https:\/\/s-el.de\/index.php?rest_route=\/wp\/v2\/pages\/2432","targetHints":{"allow":["GET"]}}],"collection":[{"href":"https:\/\/s-el.de\/index.php?rest_route=\/wp\/v2\/pages"}],"about":[{"href":"https:\/\/s-el.de\/index.php?rest_route=\/wp\/v2\/types\/page"}],"author":[{"embeddable":true,"href":"https:\/\/s-el.de\/index.php?rest_route=\/wp\/v2\/users\/1"}],"replies":[{"embeddable":true,"href":"https:\/\/s-el.de\/index.php?rest_route=%2Fwp%2Fv2%2Fcomments&post=2432"}],"version-history":[{"count":20,"href":"https:\/\/s-el.de\/index.php?rest_route=\/wp\/v2\/pages\/2432\/revisions"}],"predecessor-version":[{"id":2485,"href":"https:\/\/s-el.de\/index.php?rest_route=\/wp\/v2\/pages\/2432\/revisions\/2485"}],"wp:attachment":[{"href":"https:\/\/s-el.de\/index.php?rest_route=%2Fwp%2Fv2%2Fmedia&parent=2432"}],"curies":[{"name":"wp","href":"https:\/\/api.w.org\/{rel}","templated":true}]}}